{"id":247,"date":"2017-05-29T12:37:15","date_gmt":"2017-05-29T12:37:15","guid":{"rendered":"http:\/\/www.artizsoler.com\/?page_id=247"},"modified":"2025-10-14T13:03:12","modified_gmt":"2025-10-14T13:03:12","slug":"inicio","status":"publish","type":"page","link":"https:\/\/www.artizsoler.com\/es\/","title":{"rendered":"INICIO"},"content":{"rendered":"<div class=\"wpb-content-wrapper\">[vc_row css=\u00bb.vc_custom_1494582877256{margin-right: 0px !important;margin-bottom: 0px !important;margin-left: 0px !important;padding-right: 0px !important;padding-bottom: 0px !important;padding-left: 0px !important;background-color: #ffffff !important;background-position: center !important;background-repeat: no-repeat !important;background-size: contain !important;}\u00bb][vc_column css=\u00bb.vc_custom_1494582185869{margin-top: 0px !important;margin-bottom: 0px !important;padding-top: 0px !important;padding-bottom: 0px !important;}\u00bb][vc_single_image image=\u00bb501&#8243; img_size=\u00bbfull\u00bb alignment=\u00bbcenter\u00bb css=\u00bb\u00bb][vc_row_inner css=\u00bb.vc_custom_1494583413406{margin-bottom: 0px !important;padding-bottom: 0px !important;}\u00bb][vc_column_inner width=\u00bb1\/4&#8243;][\/vc_column_inner][vc_column_inner width=\u00bb1\/2&#8243; css=\u00bb.vc_custom_1494582937220{margin-top: 60px !important;margin-bottom: 0px !important;padding-bottom: 0px !important;}\u00bb]<div id=\"ultimate-heading-288369f5999b0de17\" class=\"uvc-heading ult-adjust-bottom-margin ultimate-heading-288369f5999b0de17 uvc-975 \" data-hspacer=\"no_spacer\"  data-halign=\"center\" style=\"text-align:center\"><div class=\"uvc-heading-spacer no_spacer\" style=\"top\"><\/div><div class=\"uvc-sub-heading ult-responsive\"  data-ultimate-target='.uvc-heading.ultimate-heading-288369f5999b0de17 .uvc-sub-heading '  data-responsive-json-new='{\"font-size\":\"desktop:16px;\",\"line-height\":\"desktop:28px;\"}'  style=\"font-weight:normal;color:#0a0a0a;\">\n<p style=\"text-align: center;\">Los abogados de la firma est\u00e1n altamente especializados en derecho civil, mercantil, penal econ\u00f3mico, laboral, derecho administrativo, urban\u00edstico y tributario.<\/p>\n<\/div><\/div>[\/vc_column_inner][vc_column_inner width=\u00bb1\/4&#8243;][\/vc_column_inner][\/vc_row_inner][\/vc_column][\/vc_row][vc_row css=\u00bb.vc_custom_1494582862295{margin-top: 0px !important;margin-right: 0px !important;margin-left: 0px !important;padding-top: 0px !important;padding-right: 0px !important;padding-left: 0px !important;background-color: #ffffff !important;background-position: center !important;background-repeat: no-repeat !important;background-size: contain !important;}\u00bb][vc_column width=\u00bb1\/6&#8243;][\/vc_column][vc_column width=\u00bb2\/3&#8243;][vc_separator color=\u00bbblack\u00bb][vc_single_image image=\u00bb240&#8243; img_size=\u00bbfull\u00bb alignment=\u00bbcenter\u00bb css=\u00bb.vc_custom_1496045555345{margin-top: 20px !important;margin-bottom: 20px !important;}\u00bb][vc_row_inner][vc_column_inner width=\u00bb1\/2&#8243;][vc_column_text]ARTIZ &amp; SOLER Advocats S.R.L.P. es un despacho de abogados bajo la forma jur\u00eddica de sociedad profesional; los socios fundadores tienen todos ellos una antig\u00fcedad de m\u00e1s de 30 a\u00f1os en el ejercicio de la abogac\u00eda.<\/p>\n<p>La firma naci\u00f3 de la l\u00f3gica necesidad de integrar los servicios jur\u00eddicos procesales con el asesoramiento a las empresas y particulares, tanto desde el mismo \u00e1mbito jur\u00eddico como del econ\u00f3mico.<\/p>\n<p>No obstante la dilatada experiencia de sus miembros, el despacho tiene una visi\u00f3n claramente actual de la problem\u00e1tica de negocio y contenciosa y por lo tanto de sus soluciones extrajudiciales.[\/vc_column_text][\/vc_column_inner][vc_column_inner width=\u00bb1\/2&#8243;][vc_column_text]Los abogados de la firma est\u00e1n altamente especializados en derecho civil, mercantil, penal-econ\u00f3mico, laboral, administrativo, urban\u00edstico y tributario, lo\u00a0que permite obtener una visi\u00f3n completa y muy estructurada de cualquier problem\u00e1tica que afecte particulares y empresas tanto en su esfera privada c\u00f3mo de negocio.<\/p>\n<p>La amplia visi\u00f3n con qu\u00e9 se contempla el ejercicio de la abogac\u00eda permite contar con la colaboraci\u00f3n de otras firmas de abogados especializados en distintos\u00a0\u00e1mbitos, tanto en el estado espa\u00f1ol como en el extranjero, lo\u00a0que permite dar una r\u00e1pida respuesta a las necesidades de nuestros clientes.[\/vc_column_text][\/vc_column_inner][\/vc_row_inner][vc_separator color=\u00bbblack\u00bb border_width=\u00bb4&#8243;][vc_single_image image=\u00bb250&#8243; img_size=\u00bbfull\u00bb alignment=\u00bbcenter\u00bb css=\u00bb.vc_custom_1494584817346{margin-top: 25px !important;margin-bottom: 0px !important;padding-bottom: 0px !important;}\u00bb]<div id=\"ultimate-heading-578369f5999b0deae\" class=\"uvc-heading ult-adjust-bottom-margin ultimate-heading-578369f5999b0deae uvc-6647 \" data-hspacer=\"no_spacer\"  data-halign=\"center\" style=\"text-align:center\"><div class=\"uvc-heading-spacer no_spacer\" style=\"top\"><\/div><div class=\"uvc-sub-heading ult-responsive\"  data-ultimate-target='.uvc-heading.ultimate-heading-578369f5999b0deae .uvc-sub-heading '  data-responsive-json-new='{\"font-size\":\"desktop:17px;\",\"line-height\":\"desktop:28px;\"}'  style=\"font-weight:normal;color:#0a0a0a;margin-top:0px;margin-bottom:0px;\">\n<p style=\"text-align: center;\">Despacho de Servicios Profesionales<\/p>\n<\/div><\/div><div class=\"ult-spacer spacer-69f5999b0df2f\" data-id=\"69f5999b0df2f\" data-height=\"38\" data-height-mobile=\"38\" data-height-tab=\"38\" data-height-tab-portrait=\"\" data-height-mobile-landscape=\"\" style=\"clear:both;display:block;\"><\/div>[\/vc_column][vc_column width=\u00bb1\/6&#8243;][\/vc_column][\/vc_row][vc_row css=\u00bb.vc_custom_1494582877256{margin-right: 0px !important;margin-bottom: 0px !important;margin-left: 0px !important;padding-right: 0px !important;padding-bottom: 0px !important;padding-left: 0px !important;background-color: #ffffff !important;background-position: center !important;background-repeat: no-repeat !important;background-size: contain !important;}\u00bb][vc_column css=\u00bb.vc_custom_1494582185869{margin-top: 0px !important;margin-bottom: 0px !important;padding-top: 0px !important;padding-bottom: 0px !important;}\u00bb][vc_row_inner css=\u00bb.vc_custom_1494585195823{margin-bottom: 0px !important;padding-bottom: 0px !important;background-color: #1b2d3e !important;background-position: center !important;background-repeat: no-repeat !important;background-size: contain !important;}\u00bb][vc_column_inner]<div id=\"ultimate-heading-464569f5999b0df91\" class=\"uvc-heading ult-adjust-bottom-margin ultimate-heading-464569f5999b0df91 uvc-4552 \" data-hspacer=\"no_spacer\"  data-halign=\"center\" style=\"text-align:center\"><div class=\"uvc-heading-spacer no_spacer\" style=\"top\"><\/div><div class=\"uvc-main-heading ult-responsive\"  data-ultimate-target='.uvc-heading.ultimate-heading-464569f5999b0df91 h2'  data-responsive-json-new='{\"font-size\":\"desktop:18px;\",\"line-height\":\"\"}' ><h2 style=\"font-weight:normal;color:#ffffff;margin-bottom:35px;\">Con una experiencia de m\u00e1s de 30 a\u00f1os, trabajamos tanto en el \u00e1mbito nacional como internacional<\/h2><\/div><\/div>[\/vc_column_inner][\/vc_row_inner][vc_row_inner][vc_column_inner]<div id=\"ultimate-heading-953069f5999b0e026\" class=\"uvc-heading ult-adjust-bottom-margin ultimate-heading-953069f5999b0e026 uvc-6758 \" data-hspacer=\"no_spacer\"  data-halign=\"center\" style=\"text-align:center\"><div class=\"uvc-heading-spacer no_spacer\" style=\"top\"><\/div><div class=\"uvc-main-heading ult-responsive\"  data-ultimate-target='.uvc-heading.ultimate-heading-953069f5999b0e026 h2'  data-responsive-json-new='{\"font-size\":\"desktop:22px;\",\"line-height\":\"\"}' ><h2 style=\"font-family:&#039;Cormorant Garamond&#039;;font-style:italic;font-weight:300;color:#0a0a0a;\">Exponga su caso y le enviaremos el presupuesto.<\/h2><\/div><\/div>[\/vc_column_inner][\/vc_row_inner]<div class=\" vc_custom_1498728741119 ubtn-ctn-center \"><a class=\"ubtn-link ult-adjust-bottom-margin ubtn-center ubtn-custom \" href=\"http:\/\/www.artizsoler.com\/es\/contacto\/\" ><button type=\"button\" id=\"ubtn-7495\"  class=\"ubtn ult-adjust-bottom-margin ult-responsive ubtn-custom ubtn-no-hover-bg  none  ubtn-center   tooltip-69f5999b0e0bb\"  data-hover=\"\" data-border-color=\"\" data-bg=\"#0a0a0a\" data-hover-bg=\"#2a4963\" data-border-hover=\"\" data-shadow-hover=\"\" data-shadow-click=\"none\" data-shadow=\"\" data-shd-shadow=\"\"  data-ultimate-target='#ubtn-7495'  data-responsive-json-new='{\"font-size\":\"desktop:18px;\",\"line-height\":\"\"}'  style=\"font-weight:normal;width:190px;min-height:48px;padding:px px;border:none;background: #0a0a0a;color: #ffffff;\"><span class=\"ubtn-hover\" style=\"background-color:#2a4963\"><\/span><span class=\"ubtn-data ubtn-text \" >CONTACTA<\/span><\/button><\/a><\/div><div class=\"ult-spacer spacer-69f5999b0e234\" data-id=\"69f5999b0e234\" data-height=\"25\" data-height-mobile=\"25\" data-height-tab=\"25\" data-height-tab-portrait=\"\" data-height-mobile-landscape=\"\" style=\"clear:both;display:block;\"><\/div>[\/vc_column][\/vc_row]\n<\/div>","protected":false},"excerpt":{"rendered":"<p>[vc_row css=\u00bb.vc_custom_1494582877256{margin-right: 0px !important;margin-bottom: 0px !important;margin-left: 0px !important;padding-right: 0px !important;padding-bottom: 0px !important;padding-left: 0px !important;background-color: #ffffff !important;background-position: center !important;background-repeat: no-repeat !important;background-size: contain !important;}\u00bb][vc_column css=\u00bb.vc_custom_1494582185869{margin-top: 0px !important;margin-bottom: 0px !important;padding-top: 0px !important;padding-bottom: 0px !important;}\u00bb][vc_single_image image=\u00bb501&#8243; img_size=\u00bbfull\u00bb alignment=\u00bbcenter\u00bb css=\u00bb\u00bb][vc_row_inner css=\u00bb.vc_custom_1494583413406{margin-bottom: 0px !important;padding-bottom: 0px !important;}\u00bb][vc_column_inner width=\u00bb1\/4&#8243;][\/vc_column_inner][vc_column_inner width=\u00bb1\/2&#8243; css=\u00bb.vc_custom_1494582937220{margin-top: 60px !important;margin-bottom: 0px !important;padding-bottom: 0px !important;}\u00bb][\/vc_column_inner][vc_column_inner width=\u00bb1\/4&#8243;][\/vc_column_inner][\/vc_row_inner][\/vc_column][\/vc_row][vc_row css=\u00bb.vc_custom_1494582862295{margin-top: 0px !important;margin-right: 0px !important;margin-left: 0px !important;padding-top: 0px !important;padding-right: 0px !important;padding-left: 0px !important;background-color: #ffffff !important;background-position: center !important;background-repeat: no-repeat !important;background-size: contain !important;}\u00bb][vc_column width=\u00bb1\/6&#8243;][\/vc_column][vc_column width=\u00bb2\/3&#8243;][vc_separator color=\u00bbblack\u00bb][vc_single_image image=\u00bb240&#8243; img_size=\u00bbfull\u00bb alignment=\u00bbcenter\u00bb css=\u00bb.vc_custom_1496045555345{margin-top: 20px !important;margin-bottom: 20px !important;}\u00bb][vc_row_inner][vc_column_inner width=\u00bb1\/2&#8243;][vc_column_text]ARTIZ &amp; SOLER Advocats S.R.L.P. es un despacho de abogados bajo la forma jur\u00eddica de sociedad profesional; los socios fundadores tienen todos ellos una antig\u00fcedad de m\u00e1s de 30 a\u00f1os en el ejercicio de la abogac\u00eda. La firma naci\u00f3 de la l\u00f3gica necesidad de integrar los servicios jur\u00eddicos procesales con el asesoramiento a las empresas y particulares, tanto desde el mismo \u00e1mbito jur\u00eddico como del econ\u00f3mico. No obstante la dilatada experiencia de sus miembros, el despacho tiene una visi\u00f3n claramente actual de la problem\u00e1tica de negocio y contenciosa y por lo tanto de sus soluciones extrajudiciales.[\/vc_column_text][\/vc_column_inner][vc_column_inner width=\u00bb1\/2&#8243;][vc_column_text]Los abogados de la firma est\u00e1n altamente especializados en derecho civil, mercantil, penal-econ\u00f3mico, laboral, administrativo, urban\u00edstico y tributario, lo\u00a0que permite obtener una visi\u00f3n completa y muy estructurada de cualquier problem\u00e1tica que afecte particulares y empresas tanto en su esfera privada c\u00f3mo de negocio. La amplia visi\u00f3n con qu\u00e9 se contempla el ejercicio de la abogac\u00eda permite contar con la colaboraci\u00f3n de otras firmas de abogados especializados en distintos\u00a0\u00e1mbitos, tanto en el estado espa\u00f1ol como en el extranjero, lo\u00a0que permite dar una r\u00e1pida respuesta a las necesidades de nuestros clientes.[\/vc_column_text][\/vc_column_inner][\/vc_row_inner][vc_separator color=\u00bbblack\u00bb border_width=\u00bb4&#8243;][vc_single_image image=\u00bb250&#8243; img_size=\u00bbfull\u00bb alignment=\u00bbcenter\u00bb css=\u00bb.vc_custom_1494584817346{margin-top: 25px !important;margin-bottom: 0px !important;padding-bottom: 0px !important;}\u00bb][\/vc_column][vc_column width=\u00bb1\/6&#8243;][\/vc_column][\/vc_row][vc_row css=\u00bb.vc_custom_1494582877256{margin-right: 0px !important;margin-bottom: 0px !important;margin-left: 0px !important;padding-right: 0px !important;padding-bottom: 0px !important;padding-left: 0px !important;background-color: #ffffff !important;background-position: center !important;background-repeat: no-repeat !important;background-size: contain !important;}\u00bb][vc_column css=\u00bb.vc_custom_1494582185869{margin-top: 0px !important;margin-bottom: 0px !important;padding-top: 0px !important;padding-bottom: 0px !important;}\u00bb][vc_row_inner css=\u00bb.vc_custom_1494585195823{margin-bottom: 0px !important;padding-bottom: 0px !important;background-color: #1b2d3e !important;background-position: center !important;background-repeat: no-repeat !important;background-size: contain !important;}\u00bb][vc_column_inner][\/vc_column_inner][\/vc_row_inner][vc_row_inner][vc_column_inner][\/vc_column_inner][\/vc_row_inner][\/vc_column][\/vc_row]<\/p>\n","protected":false},"author":1,"featured_media":0,"parent":0,"menu_order":0,"comment_status":"closed","ping_status":"closed","template":"","meta":{"footnotes":""},"class_list":["post-247","page","type-page","status-publish","hentry","entry","post-inner"],"yoast_head":"<!-- This site is optimized with the Yoast SEO Premium plugin v24.7 (Yoast SEO v26.1.1) - https:\/\/yoast.com\/wordpress\/plugins\/seo\/ -->\n<title>ARTIZ &amp; SOLER, Abogados. Servicios jur\u00eddicos procesales, asesoramiento<\/title>\n<meta name=\"description\" content=\"Los abogados de la firma est\u00e1n especializados en materia civil, mercantil, penal econ\u00f3mico, laboral, derecho administrativo, urban\u00edstico y tributario.\" \/>\n<meta name=\"robots\" content=\"index, follow, max-snippet:-1, max-image-preview:large, max-video-preview:-1\" \/>\n<link rel=\"canonical\" href=\"https:\/\/www.artizsoler.com\/es\/\" \/>\n<meta property=\"og:locale\" content=\"es_ES\" \/>\n<meta property=\"og:type\" content=\"article\" \/>\n<meta property=\"og:title\" content=\"INICIO\" \/>\n<meta property=\"og:description\" content=\"Los abogados de la firma est\u00e1n especializados en materia civil, mercantil, penal econ\u00f3mico, laboral, derecho administrativo, urban\u00edstico y tributario.\" \/>\n<meta property=\"og:url\" content=\"https:\/\/www.artizsoler.com\/es\/\" \/>\n<meta property=\"og:site_name\" content=\"Artiz &amp; Soler, Advocats\" \/>\n<meta property=\"article:modified_time\" content=\"2025-10-14T13:03:12+00:00\" \/>\n<meta name=\"twitter:card\" content=\"summary_large_image\" \/>\n<meta name=\"twitter:label1\" content=\"Tiempo de lectura\" \/>\n\t<meta name=\"twitter:data1\" content=\"4 minutos\" \/>\n<script type=\"application\/ld+json\" class=\"yoast-schema-graph\">{\"@context\":\"https:\/\/schema.org\",\"@graph\":[{\"@type\":\"WebPage\",\"@id\":\"https:\/\/www.artizsoler.com\/es\/\",\"url\":\"https:\/\/www.artizsoler.com\/es\/\",\"name\":\"ARTIZ & SOLER, Abogados. Servicios jur\u00eddicos procesales, asesoramiento\",\"isPartOf\":{\"@id\":\"https:\/\/www.artizsoler.com\/es\/#website\"},\"datePublished\":\"2017-05-29T12:37:15+00:00\",\"dateModified\":\"2025-10-14T13:03:12+00:00\",\"description\":\"Los abogados de la firma est\u00e1n especializados en materia civil, mercantil, penal econ\u00f3mico, laboral, derecho administrativo, urban\u00edstico y tributario.\",\"breadcrumb\":{\"@id\":\"https:\/\/www.artizsoler.com\/es\/#breadcrumb\"},\"inLanguage\":\"es\",\"potentialAction\":[{\"@type\":\"ReadAction\",\"target\":[\"https:\/\/www.artizsoler.com\/es\/\"]}]},{\"@type\":\"BreadcrumbList\",\"@id\":\"https:\/\/www.artizsoler.com\/es\/#breadcrumb\",\"itemListElement\":[{\"@type\":\"ListItem\",\"position\":1,\"name\":\"Portada\",\"item\":\"https:\/\/www.artizsoler.com\/es\/\"},{\"@type\":\"ListItem\",\"position\":2,\"name\":\"INICIO\"}]},{\"@type\":\"WebSite\",\"@id\":\"https:\/\/www.artizsoler.com\/es\/#website\",\"url\":\"https:\/\/www.artizsoler.com\/es\/\",\"name\":\"Artiz & Soler, Advocats\",\"description\":\"Especializados en derecho civil, mercantil, penal econ\u00f3mico, laboral, derecho administrativo, urban\u00edstico y tributario.\",\"potentialAction\":[{\"@type\":\"SearchAction\",\"target\":{\"@type\":\"EntryPoint\",\"urlTemplate\":\"https:\/\/www.artizsoler.com\/es\/?s={search_term_string}\"},\"query-input\":{\"@type\":\"PropertyValueSpecification\",\"valueRequired\":true,\"valueName\":\"search_term_string\"}}],\"inLanguage\":\"es\"}]}<\/script>\n<!-- \/ Yoast SEO Premium plugin. -->","yoast_head_json":{"title":"ARTIZ & SOLER, Abogados. Servicios jur\u00eddicos procesales, asesoramiento","description":"Los abogados de la firma est\u00e1n especializados en materia civil, mercantil, penal econ\u00f3mico, laboral, derecho administrativo, urban\u00edstico y tributario.","robots":{"index":"index","follow":"follow","max-snippet":"max-snippet:-1","max-image-preview":"max-image-preview:large","max-video-preview":"max-video-preview:-1"},"canonical":"https:\/\/www.artizsoler.com\/es\/","og_locale":"es_ES","og_type":"article","og_title":"INICIO","og_description":"Los abogados de la firma est\u00e1n especializados en materia civil, mercantil, penal econ\u00f3mico, laboral, derecho administrativo, urban\u00edstico y tributario.","og_url":"https:\/\/www.artizsoler.com\/es\/","og_site_name":"Artiz & Soler, Advocats","article_modified_time":"2025-10-14T13:03:12+00:00","twitter_card":"summary_large_image","twitter_misc":{"Tiempo de lectura":"4 minutos"},"schema":{"@context":"https:\/\/schema.org","@graph":[{"@type":"WebPage","@id":"https:\/\/www.artizsoler.com\/es\/","url":"https:\/\/www.artizsoler.com\/es\/","name":"ARTIZ & SOLER, Abogados. Servicios jur\u00eddicos procesales, asesoramiento","isPartOf":{"@id":"https:\/\/www.artizsoler.com\/es\/#website"},"datePublished":"2017-05-29T12:37:15+00:00","dateModified":"2025-10-14T13:03:12+00:00","description":"Los abogados de la firma est\u00e1n especializados en materia civil, mercantil, penal econ\u00f3mico, laboral, derecho administrativo, urban\u00edstico y tributario.","breadcrumb":{"@id":"https:\/\/www.artizsoler.com\/es\/#breadcrumb"},"inLanguage":"es","potentialAction":[{"@type":"ReadAction","target":["https:\/\/www.artizsoler.com\/es\/"]}]},{"@type":"BreadcrumbList","@id":"https:\/\/www.artizsoler.com\/es\/#breadcrumb","itemListElement":[{"@type":"ListItem","position":1,"name":"Portada","item":"https:\/\/www.artizsoler.com\/es\/"},{"@type":"ListItem","position":2,"name":"INICIO"}]},{"@type":"WebSite","@id":"https:\/\/www.artizsoler.com\/es\/#website","url":"https:\/\/www.artizsoler.com\/es\/","name":"Artiz & Soler, Advocats","description":"Especializados en derecho civil, mercantil, penal econ\u00f3mico, laboral, derecho administrativo, urban\u00edstico y tributario.","potentialAction":[{"@type":"SearchAction","target":{"@type":"EntryPoint","urlTemplate":"https:\/\/www.artizsoler.com\/es\/?s={search_term_string}"},"query-input":{"@type":"PropertyValueSpecification","valueRequired":true,"valueName":"search_term_string"}}],"inLanguage":"es"}]}},"_links":{"self":[{"href":"https:\/\/www.artizsoler.com\/es\/wp-json\/wp\/v2\/pages\/247","targetHints":{"allow":["GET"]}}],"collection":[{"href":"https:\/\/www.artizsoler.com\/es\/wp-json\/wp\/v2\/pages"}],"about":[{"href":"https:\/\/www.artizsoler.com\/es\/wp-json\/wp\/v2\/types\/page"}],"author":[{"embeddable":true,"href":"https:\/\/www.artizsoler.com\/es\/wp-json\/wp\/v2\/users\/1"}],"replies":[{"embeddable":true,"href":"https:\/\/www.artizsoler.com\/es\/wp-json\/wp\/v2\/comments?post=247"}],"version-history":[{"count":2,"href":"https:\/\/www.artizsoler.com\/es\/wp-json\/wp\/v2\/pages\/247\/revisions"}],"predecessor-version":[{"id":802,"href":"https:\/\/www.artizsoler.com\/es\/wp-json\/wp\/v2\/pages\/247\/revisions\/802"}],"wp:attachment":[{"href":"https:\/\/www.artizsoler.com\/es\/wp-json\/wp\/v2\/media?parent=247"}],"curies":[{"name":"wp","href":"https:\/\/api.w.org\/{rel}","templated":true}]}}