{"id":432,"date":"2017-06-29T11:26:27","date_gmt":"2017-06-29T11:26:27","guid":{"rendered":"http:\/\/www.artizsoler.com\/?page_id=432\/"},"modified":"2019-09-17T11:17:56","modified_gmt":"2019-09-17T11:17:56","slug":"competences","status":"publish","type":"page","link":"https:\/\/www.artizsoler.com\/fr\/competences\/","title":{"rendered":"COMP\u00c9TENCES"},"content":{"rendered":"<div class=\"wpb-content-wrapper\">[vc_row css=\u00a0\u00bb.vc_custom_1494582877256{margin-right: 0px !important;margin-bottom: 0px !important;margin-left: 0px !important;padding-right: 0px !important;padding-bottom: 0px !important;padding-left: 0px !important;background-color: #ffffff !important;background-position: center !important;background-repeat: no-repeat !important;background-size: contain !important;}\u00a0\u00bb][vc_column css=\u00a0\u00bb.vc_custom_1494582185869{margin-top: 0px !important;margin-bottom: 0px !important;padding-top: 0px !important;padding-bottom: 0px !important;}\u00a0\u00bb][vc_single_image image=\u00a0\u00bb364&Prime; img_size=\u00a0\u00bbfull\u00a0\u00bb alignment=\u00a0\u00bbcenter\u00a0\u00bb css=\u00a0\u00bb.vc_custom_1497598414690{margin-top: 0px !important;margin-bottom: 0px !important;padding-top: 0px !important;padding-bottom: 0px !important;}\u00a0\u00bb][vc_row_inner css=\u00a0\u00bb.vc_custom_1494583413406{margin-bottom: 0px !important;padding-bottom: 0px !important;}\u00a0\u00bb][vc_column_inner width=\u00a0\u00bb1\/6&Prime;][\/vc_column_inner][vc_column_inner width=\u00a0\u00bb2\/3&Prime; css=\u00a0\u00bb.vc_custom_1494582937220{margin-top: 60px !important;margin-bottom: 0px !important;padding-bottom: 0px !important;}\u00a0\u00bb][vc_separator color=\u00a0\u00bbblack\u00a0\u00bb css=\u00a0\u00bb.vc_custom_1494588173043{margin-bottom: 6px !important;padding-bottom: 0px !important;}\u00a0\u00bb]<div id=\"ultimate-heading-48169f44cc6f0a92\" class=\"uvc-heading ult-adjust-bottom-margin ultimate-heading-48169f44cc6f0a92 uvc-6631 \" data-hspacer=\"no_spacer\"  data-halign=\"center\" style=\"text-align:center\"><div class=\"uvc-heading-spacer no_spacer\" style=\"top\"><\/div><div class=\"uvc-main-heading ult-responsive\"  data-ultimate-target='.uvc-heading.ultimate-heading-48169f44cc6f0a92 h2'  data-responsive-json-new='{\"font-size\":\"desktop:22px;\",\"line-height\":\"\"}' ><h2 style=\"font-family:&#039;Cormorant Garamond&#039;;font-weight:700;color:#0a0a0a;margin-top:0px;margin-bottom:0px;\">C O M P \u00c9 T E N C E S<\/h2><\/div><\/div>[vc_separator color=\u00a0\u00bbblack\u00a0\u00bb css=\u00a0\u00bb.vc_custom_1494588180715{margin-top: 4px !important;}\u00a0\u00bb][\/vc_column_inner][vc_column_inner width=\u00a0\u00bb1\/6&Prime;][\/vc_column_inner][\/vc_row_inner][\/vc_column][\/vc_row][vc_row equal_height=\u00a0\u00bbyes\u00a0\u00bb css=\u00a0\u00bb.vc_custom_1494836907635{margin-top: 0px !important;margin-right: 0px !important;margin-left: 0px !important;padding-top: 0px !important;padding-right: 0px !important;padding-left: 0px !important;background-color: #ffffff !important;background-position: center !important;background-repeat: no-repeat !important;background-size: contain !important;}\u00a0\u00bb][vc_column width=\u00a0\u00bb1\/6&Prime;][\/vc_column][vc_column width=\u00a0\u00bb2\/3&Prime; css=\u00a0\u00bb.vc_custom_1494588502746{margin-top: 0px !important;padding-top: 0px !important;}\u00a0\u00bb][vc_row_inner equal_height=\u00a0\u00bbyes\u00a0\u00bb css=\u00a0\u00bb.vc_custom_1494836913268{margin-top: 0px !important;padding-top: 0px !important;}\u00a0\u00bb][vc_column_inner width=\u00a0\u00bb1\/2&Prime; css=\u00a0\u00bb.vc_custom_1494840372975{margin-top: 15px !important;}\u00a0\u00bb]<div id=\"ultimate-heading-835569f44cc6f0b77\" class=\"uvc-heading ult-adjust-bottom-margin ultimate-heading-835569f44cc6f0b77 uvc-1267 \" data-hspacer=\"no_spacer\"  data-halign=\"left\" style=\"text-align:left\"><div class=\"uvc-heading-spacer no_spacer\" style=\"top\"><\/div><div class=\"uvc-main-heading ult-responsive\"  data-ultimate-target='.uvc-heading.ultimate-heading-835569f44cc6f0b77 h2'  data-responsive-json-new='{\"font-size\":\"desktop:27px;\",\"line-height\":\"desktop:12px;\"}' ><h2 style=\"font-family:&#039;Cormorant Garamond&#039;;font-weight:700;color:#0a0a0a;margin-top:0px;margin-bottom:0px;\">Droit Civil<\/h2><\/div><\/div>[vc_separator color=\u00a0\u00bbblack\u00a0\u00bb border_width=\u00a0\u00bb4&Prime; css=\u00a0\u00bb.vc_custom_1494835162791{margin-top: 0px !important;margin-bottom: 11px !important;padding-top: 0px !important;padding-bottom: 0px !important;}\u00a0\u00bb][vc_column_text css=\u00a0\u00bb.vc_custom_1498735669611{margin-bottom: 15px !important;padding-bottom: 0px !important;}\u00a0\u00bb]Nous sommes un cabinet d\u2019avocats sp\u00e9cialis\u00e9 dans le domaine des proc\u00e9dures contentieuses touchant au droit de la propri\u00e9t\u00e9 priv\u00e9e (propri\u00e9t\u00e9s, baux urbains et ruraux, inex\u00e9cutions contractuelles, promotion de b\u00e2timents, assurances), de la famille (s\u00e9parations, divorces, mariages canoniques, successions, tutelles, incapacit\u00e9s) et de la responsabilit\u00e9 civile contractuelle et extracontractuelle (r\u00e9clamations de dommages et int\u00e9r\u00eats, accidents de la circulation, vices de construction).[\/vc_column_text][vc_separator color=\u00a0\u00bbblack\u00a0\u00bb css=\u00a0\u00bb.vc_custom_1498736195483{margin-top: 0px !important;margin-bottom: 11px !important;padding-top: 0px !important;padding-bottom: 0px !important;}\u00a0\u00bb el_class=\u00a0\u00bblinea02&Prime;][\/vc_column_inner][vc_column_inner el_class=\u00a0\u00bbcntainer02&Prime; width=\u00a0\u00bb1\/2&Prime; css=\u00a0\u00bb.vc_custom_1494840382690{margin-top: 15px !important;}\u00a0\u00bb]<div class=\"ult-spacer spacer-69f44cc6f0c12\" data-id=\"69f44cc6f0c12\" data-height=\"\" data-height-mobile=\"35\" data-height-tab=\"\" data-height-tab-portrait=\"\" data-height-mobile-landscape=\"35\" style=\"clear:both;display:block;\"><\/div><div id=\"ultimate-heading-246569f44cc6f0c81\" class=\"uvc-heading ult-adjust-bottom-margin ultimate-heading-246569f44cc6f0c81 uvc-4481 \" data-hspacer=\"no_spacer\"  data-halign=\"left\" style=\"text-align:left\"><div class=\"uvc-heading-spacer no_spacer\" style=\"top\"><\/div><div class=\"uvc-main-heading ult-responsive\"  data-ultimate-target='.uvc-heading.ultimate-heading-246569f44cc6f0c81 h2'  data-responsive-json-new='{\"font-size\":\"desktop:27px;\",\"line-height\":\"desktop:12px;\"}' ><h2 style=\"font-family:&#039;Cormorant Garamond&#039;;font-weight:700;color:#0a0a0a;margin-top:0px;margin-bottom:0px;\">Droit Fiscal<\/h2><\/div><\/div>[vc_separator color=\u00a0\u00bbblack\u00a0\u00bb border_width=\u00a0\u00bb4&Prime; css=\u00a0\u00bb.vc_custom_1494588652263{margin-bottom: 11px !important;padding-bottom: 0px !important;}\u00a0\u00bb][vc_column_text css=\u00a0\u00bb.vc_custom_1507116466720{padding-bottom: 0px !important;}\u00a0\u00bb]Issue d\u2019une longue tradition fiscale, l\u2019expertise de notre cabinet dans ce domaine repose sur une \u00e9quipe d\u2019avocats jouissant d\u2019une excellente formation et d\u2019une vaste exp\u00e9rience, aussi bien dans le cadre du conseil et de l\u2019assistance, avec la planification des d\u00e9marches qui conviennent le mieux \u00e0 chaque contribuable,\u00a0notamment en ce qui concerne les non-r\u00e9sidents, que dans le cadre de la gestion et de la d\u00e9fense de nos clients dans des proc\u00e9dures fiscales g\u00e9n\u00e9rales, d\u2019inspection, \u00e9conomiques et administratives et contentieux-administratives.[\/vc_column_text][vc_separator color=\u00a0\u00bbblack\u00a0\u00bb css=\u00a0\u00bb.vc_custom_1494836584091{margin-top: 0px !important;margin-bottom: 11px !important;padding-top: 0px !important;padding-bottom: 0px !important;}\u00a0\u00bb el_class=\u00a0\u00bblinea02&Prime;][\/vc_column_inner][\/vc_row_inner][vc_row_inner equal_height=\u00a0\u00bbyes\u00a0\u00bb css=\u00a0\u00bb.vc_custom_1494836913268{margin-top: 0px !important;padding-top: 0px !important;}\u00a0\u00bb][vc_column_inner el_class=\u00a0\u00bbcntainer02&Prime; width=\u00a0\u00bb1\/2&Prime; css=\u00a0\u00bb.vc_custom_1496046199897{margin-top: 15px !important;padding-top: 35px !important;}\u00a0\u00bb]<div class=\"ult-spacer spacer-69f44cc6f0cfd\" data-id=\"69f44cc6f0cfd\" data-height=\"20\" data-height-mobile=\"35\" data-height-tab=\"\" data-height-tab-portrait=\"\" data-height-mobile-landscape=\"35\" style=\"clear:both;display:block;\"><\/div><div id=\"ultimate-heading-405669f44cc6f0d61\" class=\"uvc-heading ult-adjust-bottom-margin ultimate-heading-405669f44cc6f0d61 uvc-853 \" data-hspacer=\"no_spacer\"  data-halign=\"left\" style=\"text-align:left\"><div class=\"uvc-heading-spacer no_spacer\" style=\"top\"><\/div><div class=\"uvc-main-heading ult-responsive\"  data-ultimate-target='.uvc-heading.ultimate-heading-405669f44cc6f0d61 h2'  data-responsive-json-new='{\"font-size\":\"desktop:27px;\",\"line-height\":\"desktop:12px;\"}' ><h2 style=\"font-family:&#039;Cormorant Garamond&#039;;font-weight:700;color:#0a0a0a;margin-top:0px;margin-bottom:0px;\">Droit Commercial<\/h2><\/div><\/div>[vc_separator color=\u00a0\u00bbblack\u00a0\u00bb border_width=\u00a0\u00bb4&Prime; css=\u00a0\u00bb.vc_custom_1494835162791{margin-top: 0px !important;margin-bottom: 11px !important;padding-top: 0px !important;padding-bottom: 0px !important;}\u00a0\u00bb][vc_column_text css=\u00a0\u00bb.vc_custom_1498735698126{margin-bottom: 15px !important;padding-bottom: 0px !important;}\u00a0\u00bb]Notre formation dans le domaine du droit commercial et de l\u2019administration des entreprises en difficult\u00e9 nous permet d\u2019assister nos clients en toute aisance dans le cadre de toute question se rapportant \u00e0 l\u2019activit\u00e9 commerciale (r\u00e9daction de proc\u00e8s-verbaux, d\u2019actes et de contrats, constitution de soci\u00e9t\u00e9s, actes et d\u00e9marches en tant qu\u2019avocats conseils), ainsi que dans le cadre de toute proc\u00e9dure judiciaire de r\u00e9clamation contractuelle et soci\u00e9taire ou de mise en jeu de la responsabilit\u00e9 d\u2019administrateurs, de m\u00eame que dans le cadre de toutes sortes de questions touchant aux entreprises en difficult\u00e9, aussi bien du point de vue du d\u00e9biteur que de celui du cr\u00e9ancier.[\/vc_column_text][vc_separator color=\u00a0\u00bbblack\u00a0\u00bb css=\u00a0\u00bb.vc_custom_1494838111805{margin-top: 0px !important;margin-bottom: 11px !important;padding-top: 0px !important;padding-bottom: 0px !important;}\u00a0\u00bb el_class=\u00a0\u00bblinea02&Prime;][\/vc_column_inner][vc_column_inner width=\u00a0\u00bb1\/2&Prime; css=\u00a0\u00bb.vc_custom_1496046208335{margin-top: 15px !important;padding-top: 35px !important;}\u00a0\u00bb]<div id=\"ultimate-heading-530369f44cc6f0de9\" class=\"uvc-heading ult-adjust-bottom-margin ultimate-heading-530369f44cc6f0de9 uvc-3114 PlanningLaw\" data-hspacer=\"no_spacer\"  data-halign=\"left\" style=\"text-align:left\"><div class=\"uvc-heading-spacer no_spacer\" style=\"top\"><\/div><div class=\"uvc-main-heading ult-responsive\"  data-ultimate-target='.uvc-heading.ultimate-heading-530369f44cc6f0de9 h2'  data-responsive-json-new='{\"font-size\":\"desktop:27px;\",\"line-height\":\"desktop:20px;\"}' ><h2 style=\"font-family:&#039;Cormorant Garamond&#039;;font-weight:700;color:#0a0a0a;margin-top:0px;margin-bottom:0px;\">Droit Administratif et de l\u2019Urbanisme<\/h2><\/div><\/div>[vc_separator color=\u00a0\u00bbblack\u00a0\u00bb border_width=\u00a0\u00bb4&Prime; css=\u00a0\u00bb.vc_custom_1494588652263{margin-bottom: 11px !important;padding-bottom: 0px !important;}\u00a0\u00bb][vc_column_text css=\u00a0\u00bb.vc_custom_1498735756530{padding-bottom: 0px !important;}\u00a0\u00bb]Notre pr\u00e9paration et notre exp\u00e9rience nous cautionnent dans les domaines les plus g\u00e9n\u00e9riques du droit administratif dans ses diff\u00e9rents branches, notamment en mati\u00e8re de proc\u00e9dures de sanction et de responsabilit\u00e9 patrimoniale, ainsi que dans le domaine urbanistique, aussi bien du point de vue de la position et de la d\u00e9fense des int\u00e9r\u00eats des particuliers en phase de gestion, que de celui de la contestation et de la d\u00e9fense de leurs droits face aux actes de l\u2019administration, que ce soit en phase administrative ou en phase de contentieux-administratif.[\/vc_column_text][vc_separator color=\u00a0\u00bbblack\u00a0\u00bb css=\u00a0\u00bb.vc_custom_1498736208262{margin-top: 0px !important;margin-bottom: 11px !important;padding-top: 0px !important;padding-bottom: 0px !important;}\u00a0\u00bb el_class=\u00a0\u00bblinea02&Prime;][\/vc_column_inner][\/vc_row_inner][vc_row_inner equal_height=\u00a0\u00bbyes\u00a0\u00bb css=\u00a0\u00bb.vc_custom_1494836913268{margin-top: 0px !important;padding-top: 0px !important;}\u00a0\u00bb][vc_column_inner el_class=\u00a0\u00bbcntainer02&Prime; width=\u00a0\u00bb1\/2&Prime; css=\u00a0\u00bb.vc_custom_1496046232735{margin-top: 20px !important;padding-top: 35px !important;}\u00a0\u00bb]<div id=\"ultimate-heading-487969f44cc6f0e6d\" class=\"uvc-heading ult-adjust-bottom-margin ultimate-heading-487969f44cc6f0e6d uvc-3529 \" data-hspacer=\"no_spacer\"  data-halign=\"left\" style=\"text-align:left\"><div class=\"uvc-heading-spacer no_spacer\" style=\"top\"><\/div><div class=\"uvc-main-heading ult-responsive\"  data-ultimate-target='.uvc-heading.ultimate-heading-487969f44cc6f0e6d h2'  data-responsive-json-new='{\"font-size\":\"desktop:27px;\",\"line-height\":\"desktop:12px;\"}' ><h2 style=\"font-family:&#039;Cormorant Garamond&#039;;font-weight:700;color:#0a0a0a;margin-top:0px;margin-bottom:0px;\">Droit P\u00e9nal<\/h2><\/div><\/div>[vc_separator color=\u00a0\u00bbblack\u00a0\u00bb border_width=\u00a0\u00bb4&Prime; css=\u00a0\u00bb.vc_custom_1494835162791{margin-top: 0px !important;margin-bottom: 11px !important;padding-top: 0px !important;padding-bottom: 0px !important;}\u00a0\u00bb][vc_column_text css=\u00a0\u00bb.vc_custom_1507116494062{margin-bottom: 15px !important;padding-bottom: 0px !important;}\u00a0\u00bb]La formation civile, commerciale et fiscale du cabinet est compl\u00e9t\u00e9e en droit p\u00e9nal pour tout ce qui touche aux infractions ou infractions l\u00e9g\u00e8res de nature financi\u00e8re ou donnant lieu \u00e0 des indemnisations (infractions fiscales, fraudes, d\u00e9tournements d\u2019actifs, responsabilit\u00e9 d\u2019administrateurs de personnes juridiques, accidents de la circulation\u2026) et pour tout ce qui est de la pr\u00e9vention moyennant la r\u00e9daction et l\u2019implantation de plans de compliance p\u00e9nale.[\/vc_column_text][vc_separator color=\u00a0\u00bbblack\u00a0\u00bb css=\u00a0\u00bb.vc_custom_1494838106263{margin-top: 0px !important;margin-bottom: 11px !important;padding-top: 0px !important;padding-bottom: 0px !important;}\u00a0\u00bb el_class=\u00a0\u00bblinea02&Prime;][\/vc_column_inner][vc_column_inner width=\u00a0\u00bb1\/2&Prime; css=\u00a0\u00bb.vc_custom_1496046241648{margin-top: 20px !important;padding-top: 35px !important;}\u00a0\u00bb]<div id=\"ultimate-heading-848569f44cc6f0f05\" class=\"uvc-heading ult-adjust-bottom-margin ultimate-heading-848569f44cc6f0f05 uvc-6840 \" data-hspacer=\"no_spacer\"  data-halign=\"left\" style=\"text-align:left\"><div class=\"uvc-heading-spacer no_spacer\" style=\"top\"><\/div><div class=\"uvc-main-heading ult-responsive\"  data-ultimate-target='.uvc-heading.ultimate-heading-848569f44cc6f0f05 h2'  data-responsive-json-new='{\"font-size\":\"desktop:27px;\",\"line-height\":\"desktop:12px;\"}' ><h2 style=\"font-family:&#039;Cormorant Garamond&#039;;font-weight:700;color:#0a0a0a;margin-top:0px;margin-bottom:0px;\">Droit Social<\/h2><\/div><\/div>[vc_separator color=\u00a0\u00bbblack\u00a0\u00bb border_width=\u00a0\u00bb4&Prime; css=\u00a0\u00bb.vc_custom_1494839315140{margin-top: 0px !important;margin-bottom: 11px !important;padding-top: 0px !important;padding-bottom: 0px !important;}\u00a0\u00bb][vc_column_text css=\u00a0\u00bb.vc_custom_1498735682798{padding-bottom: 0px !important;}\u00a0\u00bb]Notre longue trajectoire professionnelle nous permet d\u2019offrir une gestion soign\u00e9e dans le cadre du conseil int\u00e9gral en droit social de mani\u00e8re \u00e0 r\u00e9pondre aux besoins sp\u00e9cifiques, aussi bien des entreprises que des particuliers. Nos comp\u00e9tences couvrent donc l\u2019ensemble des d\u00e9marches et des formalit\u00e9s requises sur le plan social et de la S\u00e9curit\u00e9 Sociale de nature administrative (conseil et r\u00e9daction de contrats, fiches de paye, formulaires de cotisations sociales et autres actes et formulaires \u00e0 renseigner) et la d\u00e9fense des parties intervenant dans les relations de travail, dans le cadre de toutes sortes de proc\u00e9dures administratives ou devant le conseil des prud\u2019hommes.[\/vc_column_text][vc_separator color=\u00a0\u00bbblack\u00a0\u00bb css=\u00a0\u00bb.vc_custom_1494838099895{margin-top: 0px !important;margin-bottom: 11px !important;padding-top: 0px !important;padding-bottom: 0px !important;}\u00a0\u00bb][\/vc_column_inner][\/vc_row_inner][\/vc_column][vc_column width=\u00a0\u00bb1\/6&Prime;][\/vc_column][\/vc_row][vc_row equal_height=\u00a0\u00bbyes\u00a0\u00bb bg_type=\u00a0\u00bbbg_color\u00a0\u00bb bg_override=\u00a0\u00bb1&Prime; css=\u00a0\u00bb.vc_custom_1494838147324{margin-top: 0px !important;margin-right: 0px !important;margin-left: 0px !important;padding-top: 35px !important;padding-right: 0px !important;padding-bottom: 45px !important;padding-left: 0px !important;background-color: #ffffff !important;background-position: center !important;background-repeat: no-repeat !important;background-size: contain !important;}\u00a0\u00bb bg_color_value=\u00a0\u00bb#ffffff\u00a0\u00bb][vc_column width=\u00a0\u00bb1\/6&Prime;][\/vc_column][vc_column width=\u00a0\u00bb2\/3&Prime; css=\u00a0\u00bb.vc_custom_1494588502746{margin-top: 0px !important;padding-top: 0px !important;}\u00a0\u00bb]<div id=\"ultimate-heading-354069f44cc6f0f9a\" class=\"uvc-heading ult-adjust-bottom-margin ultimate-heading-354069f44cc6f0f9a uvc-7693 \" data-hspacer=\"no_spacer\"  data-halign=\"center\" style=\"text-align:center\"><div class=\"uvc-heading-spacer no_spacer\" style=\"top\"><\/div><div class=\"uvc-main-heading ult-responsive\"  data-ultimate-target='.uvc-heading.ultimate-heading-354069f44cc6f0f9a h2'  data-responsive-json-new='{\"font-size\":\"desktop:23px;\",\"line-height\":\"\"}' ><h2 style=\"font-family:&#039;Cormorant Garamond&#039;;font-style:italic;font-weight:500;color:#0a0a0a;margin-top:0px;margin-bottom:10px;\">Nous avons une grande exp\u00e9rience dans des d\u00e9marches au niveau international<\/h2><\/div><\/div>[\/vc_column][vc_column width=\u00a0\u00bb1\/6&Prime;][\/vc_column][\/vc_row]\n<\/div>","protected":false},"excerpt":{"rendered":"<p>[vc_row css=\u00a0\u00bb.vc_custom_1494582877256{margin-right: 0px !important;margin-bottom: 0px !important;margin-left: 0px !important;padding-right: 0px !important;padding-bottom: 0px !important;padding-left: 0px !important;background-color: #ffffff !important;background-position: center !important;background-repeat: no-repeat !important;background-size: contain !important;}\u00a0\u00bb][vc_column css=\u00a0\u00bb.vc_custom_1494582185869{margin-top: 0px !important;margin-bottom: 0px !important;padding-top: 0px !important;padding-bottom: 0px !important;}\u00a0\u00bb][vc_single_image image=\u00a0\u00bb364&Prime; img_size=\u00a0\u00bbfull\u00a0\u00bb alignment=\u00a0\u00bbcenter\u00a0\u00bb css=\u00a0\u00bb.vc_custom_1497598414690{margin-top: 0px !important;margin-bottom: 0px !important;padding-top: 0px !important;padding-bottom: 0px !important;}\u00a0\u00bb][vc_row_inner css=\u00a0\u00bb.vc_custom_1494583413406{margin-bottom: 0px !important;padding-bottom: 0px !important;}\u00a0\u00bb][vc_column_inner width=\u00a0\u00bb1\/6&Prime;][\/vc_column_inner][vc_column_inner width=\u00a0\u00bb2\/3&Prime; css=\u00a0\u00bb.vc_custom_1494582937220{margin-top: 60px !important;margin-bottom: 0px !important;padding-bottom: 0px !important;}\u00a0\u00bb][vc_separator color=\u00a0\u00bbblack\u00a0\u00bb css=\u00a0\u00bb.vc_custom_1494588173043{margin-bottom: 6px !important;padding-bottom: 0px !important;}\u00a0\u00bb][vc_separator color=\u00a0\u00bbblack\u00a0\u00bb css=\u00a0\u00bb.vc_custom_1494588180715{margin-top: 4px !important;}\u00a0\u00bb][\/vc_column_inner][vc_column_inner width=\u00a0\u00bb1\/6&Prime;][\/vc_column_inner][\/vc_row_inner][\/vc_column][\/vc_row][vc_row equal_height=\u00a0\u00bbyes\u00a0\u00bb css=\u00a0\u00bb.vc_custom_1494836907635{margin-top: 0px !important;margin-right: 0px !important;margin-left: 0px !important;padding-top: 0px !important;padding-right: 0px !important;padding-left: 0px !important;background-color: #ffffff !important;background-position: center !important;background-repeat: no-repeat !important;background-size: contain !important;}\u00a0\u00bb][vc_column width=\u00a0\u00bb1\/6&Prime;][\/vc_column][vc_column width=\u00a0\u00bb2\/3&Prime; css=\u00a0\u00bb.vc_custom_1494588502746{margin-top: 0px !important;padding-top: 0px !important;}\u00a0\u00bb][vc_row_inner equal_height=\u00a0\u00bbyes\u00a0\u00bb css=\u00a0\u00bb.vc_custom_1494836913268{margin-top: 0px !important;padding-top: 0px !important;}\u00a0\u00bb][vc_column_inner width=\u00a0\u00bb1\/2&Prime; css=\u00a0\u00bb.vc_custom_1494840372975{margin-top: 15px !important;}\u00a0\u00bb][vc_separator color=\u00a0\u00bbblack\u00a0\u00bb border_width=\u00a0\u00bb4&Prime; css=\u00a0\u00bb.vc_custom_1494835162791{margin-top: 0px !important;margin-bottom: 11px !important;padding-top: 0px !important;padding-bottom: 0px !important;}\u00a0\u00bb][vc_column_text css=\u00a0\u00bb.vc_custom_1498735669611{margin-bottom: 15px !important;padding-bottom: 0px !important;}\u00a0\u00bb]Nous sommes un cabinet d\u2019avocats sp\u00e9cialis\u00e9 dans le domaine des proc\u00e9dures contentieuses touchant au droit de la propri\u00e9t\u00e9 priv\u00e9e (propri\u00e9t\u00e9s, baux urbains et ruraux, inex\u00e9cutions contractuelles, promotion de b\u00e2timents, assurances), de la famille (s\u00e9parations, divorces, mariages canoniques, successions, tutelles, incapacit\u00e9s) et de la responsabilit\u00e9 civile contractuelle et extracontractuelle (r\u00e9clamations de dommages et int\u00e9r\u00eats, accidents de la circulation, vices de construction).[\/vc_column_text][vc_separator color=\u00a0\u00bbblack\u00a0\u00bb css=\u00a0\u00bb.vc_custom_1498736195483{margin-top: 0px !important;margin-bottom: 11px !important;padding-top: 0px !important;padding-bottom: 0px !important;}\u00a0\u00bb el_class=\u00a0\u00bblinea02&Prime;][\/vc_column_inner][vc_column_inner el_class=\u00a0\u00bbcntainer02&Prime; width=\u00a0\u00bb1\/2&Prime; css=\u00a0\u00bb.vc_custom_1494840382690{margin-top: 15px !important;}\u00a0\u00bb][vc_separator color=\u00a0\u00bbblack\u00a0\u00bb border_width=\u00a0\u00bb4&Prime; css=\u00a0\u00bb.vc_custom_1494588652263{margin-bottom: 11px !important;padding-bottom: 0px !important;}\u00a0\u00bb][vc_column_text css=\u00a0\u00bb.vc_custom_1507116466720{padding-bottom: 0px !important;}\u00a0\u00bb]Issue d\u2019une longue tradition fiscale, l\u2019expertise de notre cabinet dans ce domaine repose sur une \u00e9quipe d\u2019avocats jouissant d\u2019une excellente formation et d\u2019une vaste exp\u00e9rience, aussi bien dans le cadre du conseil et de l\u2019assistance, avec la planification des d\u00e9marches qui conviennent le mieux \u00e0 chaque contribuable,\u00a0notamment en ce qui concerne les non-r\u00e9sidents, que dans le cadre de la gestion et de la d\u00e9fense de nos clients dans des proc\u00e9dures fiscales g\u00e9n\u00e9rales, d\u2019inspection, \u00e9conomiques et administratives et contentieux-administratives.[\/vc_column_text][vc_separator color=\u00a0\u00bbblack\u00a0\u00bb css=\u00a0\u00bb.vc_custom_1494836584091{margin-top: 0px !important;margin-bottom: 11px !important;padding-top: 0px !important;padding-bottom: 0px !important;}\u00a0\u00bb el_class=\u00a0\u00bblinea02&Prime;][\/vc_column_inner][\/vc_row_inner][vc_row_inner equal_height=\u00a0\u00bbyes\u00a0\u00bb css=\u00a0\u00bb.vc_custom_1494836913268{margin-top: 0px !important;padding-top: 0px !important;}\u00a0\u00bb][vc_column_inner el_class=\u00a0\u00bbcntainer02&Prime; width=\u00a0\u00bb1\/2&Prime; css=\u00a0\u00bb.vc_custom_1496046199897{margin-top: 15px !important;padding-top: 35px !important;}\u00a0\u00bb][vc_separator color=\u00a0\u00bbblack\u00a0\u00bb border_width=\u00a0\u00bb4&Prime; css=\u00a0\u00bb.vc_custom_1494835162791{margin-top: 0px !important;margin-bottom: 11px !important;padding-top: 0px !important;padding-bottom: 0px !important;}\u00a0\u00bb][vc_column_text css=\u00a0\u00bb.vc_custom_1498735698126{margin-bottom: 15px !important;padding-bottom: 0px !important;}\u00a0\u00bb]Notre formation dans le domaine du droit commercial et de l\u2019administration des entreprises en difficult\u00e9 nous permet d\u2019assister nos clients en toute aisance dans le cadre de toute question se rapportant \u00e0 l\u2019activit\u00e9 commerciale (r\u00e9daction de proc\u00e8s-verbaux, d\u2019actes et de contrats, constitution de soci\u00e9t\u00e9s, actes et d\u00e9marches en tant qu\u2019avocats conseils), ainsi que dans le cadre de toute proc\u00e9dure judiciaire de r\u00e9clamation contractuelle et soci\u00e9taire ou de mise en jeu de la responsabilit\u00e9 d\u2019administrateurs, de m\u00eame que dans le cadre de toutes sortes de questions touchant aux entreprises en difficult\u00e9, aussi bien du point de vue du d\u00e9biteur que de celui du cr\u00e9ancier.[\/vc_column_text][vc_separator color=\u00a0\u00bbblack\u00a0\u00bb css=\u00a0\u00bb.vc_custom_1494838111805{margin-top: 0px !important;margin-bottom: 11px !important;padding-top: 0px !important;padding-bottom: 0px !important;}\u00a0\u00bb el_class=\u00a0\u00bblinea02&Prime;][\/vc_column_inner][vc_column_inner width=\u00a0\u00bb1\/2&Prime; css=\u00a0\u00bb.vc_custom_1496046208335{margin-top: 15px !important;padding-top: 35px !important;}\u00a0\u00bb][vc_separator color=\u00a0\u00bbblack\u00a0\u00bb border_width=\u00a0\u00bb4&Prime; css=\u00a0\u00bb.vc_custom_1494588652263{margin-bottom: 11px !important;padding-bottom: 0px !important;}\u00a0\u00bb][vc_column_text css=\u00a0\u00bb.vc_custom_1498735756530{padding-bottom: 0px !important;}\u00a0\u00bb]Notre pr\u00e9paration et notre exp\u00e9rience nous cautionnent dans les domaines les plus g\u00e9n\u00e9riques du droit administratif dans ses diff\u00e9rents branches, notamment en mati\u00e8re de proc\u00e9dures de sanction et de responsabilit\u00e9 patrimoniale, ainsi que dans le domaine urbanistique, aussi bien du point de vue de la position et de la d\u00e9fense des int\u00e9r\u00eats des particuliers en phase de gestion, que de celui de la contestation et de la d\u00e9fense de leurs droits face aux actes de l\u2019administration, que ce soit en phase administrative ou en phase de contentieux-administratif.[\/vc_column_text][vc_separator color=\u00a0\u00bbblack\u00a0\u00bb css=\u00a0\u00bb.vc_custom_1498736208262{margin-top: 0px !important;margin-bottom: 11px !important;padding-top: 0px !important;padding-bottom: 0px !important;}\u00a0\u00bb el_class=\u00a0\u00bblinea02&Prime;][\/vc_column_inner][\/vc_row_inner][vc_row_inner equal_height=\u00a0\u00bbyes\u00a0\u00bb css=\u00a0\u00bb.vc_custom_1494836913268{margin-top: 0px !important;padding-top: 0px !important;}\u00a0\u00bb][vc_column_inner el_class=\u00a0\u00bbcntainer02&Prime; width=\u00a0\u00bb1\/2&Prime; css=\u00a0\u00bb.vc_custom_1496046232735{margin-top: 20px !important;padding-top: 35px !important;}\u00a0\u00bb][vc_separator color=\u00a0\u00bbblack\u00a0\u00bb border_width=\u00a0\u00bb4&Prime; css=\u00a0\u00bb.vc_custom_1494835162791{margin-top: 0px !important;margin-bottom: 11px !important;padding-top: 0px !important;padding-bottom: 0px !important;}\u00a0\u00bb][vc_column_text css=\u00a0\u00bb.vc_custom_1507116494062{margin-bottom: 15px !important;padding-bottom: 0px !important;}\u00a0\u00bb]La formation civile, commerciale et fiscale du cabinet est compl\u00e9t\u00e9e en droit p\u00e9nal pour tout ce qui touche aux infractions ou infractions l\u00e9g\u00e8res de nature financi\u00e8re ou donnant lieu \u00e0 des indemnisations (infractions fiscales, fraudes, d\u00e9tournements d\u2019actifs, responsabilit\u00e9 d\u2019administrateurs de personnes juridiques, accidents de la circulation\u2026) et pour tout ce qui est de la pr\u00e9vention moyennant la r\u00e9daction et l\u2019implantation de plans de compliance p\u00e9nale.[\/vc_column_text][vc_separator color=\u00a0\u00bbblack\u00a0\u00bb css=\u00a0\u00bb.vc_custom_1494838106263{margin-top: 0px !important;margin-bottom: 11px !important;padding-top: 0px !important;padding-bottom: 0px !important;}\u00a0\u00bb el_class=\u00a0\u00bblinea02&Prime;][\/vc_column_inner][vc_column_inner width=\u00a0\u00bb1\/2&Prime; css=\u00a0\u00bb.vc_custom_1496046241648{margin-top: 20px !important;padding-top: 35px !important;}\u00a0\u00bb][vc_separator color=\u00a0\u00bbblack\u00a0\u00bb border_width=\u00a0\u00bb4&Prime; css=\u00a0\u00bb.vc_custom_1494839315140{margin-top: 0px !important;margin-bottom: 11px !important;padding-top: 0px !important;padding-bottom: 0px !important;}\u00a0\u00bb][vc_column_text css=\u00a0\u00bb.vc_custom_1498735682798{padding-bottom: 0px !important;}\u00a0\u00bb]Notre longue trajectoire professionnelle nous permet d\u2019offrir une gestion soign\u00e9e dans le cadre du conseil int\u00e9gral en droit social de mani\u00e8re \u00e0 r\u00e9pondre aux besoins sp\u00e9cifiques, aussi bien des entreprises que des particuliers. Nos comp\u00e9tences couvrent donc l\u2019ensemble des d\u00e9marches et des formalit\u00e9s requises sur le plan social et de la S\u00e9curit\u00e9 Sociale de nature administrative (conseil et r\u00e9daction de contrats, fiches de paye, formulaires de cotisations sociales et autres actes et formulaires \u00e0 renseigner) et la d\u00e9fense des parties intervenant dans les relations de travail, dans le cadre de toutes sortes de proc\u00e9dures administratives ou devant le conseil des prud\u2019hommes.[\/vc_column_text][vc_separator color=\u00a0\u00bbblack\u00a0\u00bb css=\u00a0\u00bb.vc_custom_1494838099895{margin-top: 0px !important;margin-bottom: 11px !important;padding-top: 0px !important;padding-bottom: 0px !important;}\u00a0\u00bb][\/vc_column_inner][\/vc_row_inner][\/vc_column][vc_column width=\u00a0\u00bb1\/6&Prime;][\/vc_column][\/vc_row][vc_row equal_height=\u00a0\u00bbyes\u00a0\u00bb bg_type=\u00a0\u00bbbg_color\u00a0\u00bb bg_override=\u00a0\u00bb1&Prime; css=\u00a0\u00bb.vc_custom_1494838147324{margin-top: 0px !important;margin-right: 0px !important;margin-left: 0px !important;padding-top: 35px !important;padding-right: 0px !important;padding-bottom: 45px !important;padding-left: 0px !important;background-color: #ffffff !important;background-position: center !important;background-repeat: no-repeat !important;background-size: contain !important;}\u00a0\u00bb bg_color_value=\u00a0\u00bb#ffffff\u00a0\u00bb][vc_column width=\u00a0\u00bb1\/6&Prime;][\/vc_column][vc_column width=\u00a0\u00bb2\/3&Prime; css=\u00a0\u00bb.vc_custom_1494588502746{margin-top: 0px !important;padding-top: 0px !important;}\u00a0\u00bb][\/vc_column][vc_column width=\u00a0\u00bb1\/6&Prime;][\/vc_column][\/vc_row]<\/p>\n","protected":false},"author":1,"featured_media":0,"parent":0,"menu_order":0,"comment_status":"closed","ping_status":"closed","template":"","meta":{"footnotes":""},"class_list":["post-432","page","type-page","status-publish","hentry","entry","post-inner"],"yoast_head":"<!-- This site is optimized with the Yoast SEO Premium plugin v24.7 (Yoast SEO v26.1.1) - https:\/\/yoast.com\/wordpress\/plugins\/seo\/ -->\n<title>COMP\u00c9TENCES \u00b7 ARTIZ &amp; SOLER, avocats<\/title>\n<meta name=\"description\" content=\"D\u00e9couvrez tous les services que nous offrons: droit civil, fiscal, commercial, administratif et urbain, droit p\u00e9nal et droit du travail.\" \/>\n<meta name=\"robots\" content=\"index, follow, max-snippet:-1, max-image-preview:large, max-video-preview:-1\" \/>\n<link rel=\"canonical\" href=\"https:\/\/www.artizsoler.com\/fr\/competences\/\" \/>\n<meta property=\"og:locale\" content=\"fr_FR\" \/>\n<meta property=\"og:type\" content=\"article\" \/>\n<meta property=\"og:title\" content=\"COMP\u00c9TENCES\" \/>\n<meta property=\"og:description\" content=\"D\u00e9couvrez tous les services que nous offrons: droit civil, fiscal, commercial, administratif et urbain, droit p\u00e9nal et droit du travail.\" \/>\n<meta property=\"og:url\" content=\"https:\/\/www.artizsoler.com\/fr\/competences\/\" \/>\n<meta property=\"og:site_name\" content=\"Artiz &amp; Soler, Advocats\" \/>\n<meta property=\"article:modified_time\" content=\"2019-09-17T11:17:56+00:00\" \/>\n<meta name=\"twitter:card\" content=\"summary_large_image\" \/>\n<meta name=\"twitter:label1\" content=\"Dur\u00e9e de lecture estim\u00e9e\" \/>\n\t<meta name=\"twitter:data1\" content=\"9 minutes\" \/>\n<script type=\"application\/ld+json\" class=\"yoast-schema-graph\">{\"@context\":\"https:\/\/schema.org\",\"@graph\":[{\"@type\":\"WebPage\",\"@id\":\"https:\/\/www.artizsoler.com\/fr\/competences\/\",\"url\":\"https:\/\/www.artizsoler.com\/fr\/competences\/\",\"name\":\"COMP\u00c9TENCES \u00b7 ARTIZ & SOLER, avocats\",\"isPartOf\":{\"@id\":\"https:\/\/www.artizsoler.com\/fr\/#website\"},\"datePublished\":\"2017-06-29T11:26:27+00:00\",\"dateModified\":\"2019-09-17T11:17:56+00:00\",\"description\":\"D\u00e9couvrez tous les services que nous offrons: droit civil, fiscal, commercial, administratif et urbain, droit p\u00e9nal et droit du travail.\",\"breadcrumb\":{\"@id\":\"https:\/\/www.artizsoler.com\/fr\/competences\/#breadcrumb\"},\"inLanguage\":\"fr-FR\",\"potentialAction\":[{\"@type\":\"ReadAction\",\"target\":[\"https:\/\/www.artizsoler.com\/fr\/competences\/\"]}]},{\"@type\":\"BreadcrumbList\",\"@id\":\"https:\/\/www.artizsoler.com\/fr\/competences\/#breadcrumb\",\"itemListElement\":[{\"@type\":\"ListItem\",\"position\":1,\"name\":\"Accueil\",\"item\":\"https:\/\/www.artizsoler.com\/fr\/\"},{\"@type\":\"ListItem\",\"position\":2,\"name\":\"COMP\u00c9TENCES\"}]},{\"@type\":\"WebSite\",\"@id\":\"https:\/\/www.artizsoler.com\/fr\/#website\",\"url\":\"https:\/\/www.artizsoler.com\/fr\/\",\"name\":\"Artiz & Soler, Advocats\",\"description\":\"Advocats\",\"potentialAction\":[{\"@type\":\"SearchAction\",\"target\":{\"@type\":\"EntryPoint\",\"urlTemplate\":\"https:\/\/www.artizsoler.com\/fr\/?s={search_term_string}\"},\"query-input\":{\"@type\":\"PropertyValueSpecification\",\"valueRequired\":true,\"valueName\":\"search_term_string\"}}],\"inLanguage\":\"fr-FR\"}]}<\/script>\n<!-- \/ Yoast SEO Premium plugin. -->","yoast_head_json":{"title":"COMP\u00c9TENCES \u00b7 ARTIZ & SOLER, avocats","description":"D\u00e9couvrez tous les services que nous offrons: droit civil, fiscal, commercial, administratif et urbain, droit p\u00e9nal et droit du travail.","robots":{"index":"index","follow":"follow","max-snippet":"max-snippet:-1","max-image-preview":"max-image-preview:large","max-video-preview":"max-video-preview:-1"},"canonical":"https:\/\/www.artizsoler.com\/fr\/competences\/","og_locale":"fr_FR","og_type":"article","og_title":"COMP\u00c9TENCES","og_description":"D\u00e9couvrez tous les services que nous offrons: droit civil, fiscal, commercial, administratif et urbain, droit p\u00e9nal et droit du travail.","og_url":"https:\/\/www.artizsoler.com\/fr\/competences\/","og_site_name":"Artiz & Soler, Advocats","article_modified_time":"2019-09-17T11:17:56+00:00","twitter_card":"summary_large_image","twitter_misc":{"Dur\u00e9e de lecture estim\u00e9e":"9 minutes"},"schema":{"@context":"https:\/\/schema.org","@graph":[{"@type":"WebPage","@id":"https:\/\/www.artizsoler.com\/fr\/competences\/","url":"https:\/\/www.artizsoler.com\/fr\/competences\/","name":"COMP\u00c9TENCES \u00b7 ARTIZ & SOLER, avocats","isPartOf":{"@id":"https:\/\/www.artizsoler.com\/fr\/#website"},"datePublished":"2017-06-29T11:26:27+00:00","dateModified":"2019-09-17T11:17:56+00:00","description":"D\u00e9couvrez tous les services que nous offrons: droit civil, fiscal, commercial, administratif et urbain, droit p\u00e9nal et droit du travail.","breadcrumb":{"@id":"https:\/\/www.artizsoler.com\/fr\/competences\/#breadcrumb"},"inLanguage":"fr-FR","potentialAction":[{"@type":"ReadAction","target":["https:\/\/www.artizsoler.com\/fr\/competences\/"]}]},{"@type":"BreadcrumbList","@id":"https:\/\/www.artizsoler.com\/fr\/competences\/#breadcrumb","itemListElement":[{"@type":"ListItem","position":1,"name":"Accueil","item":"https:\/\/www.artizsoler.com\/fr\/"},{"@type":"ListItem","position":2,"name":"COMP\u00c9TENCES"}]},{"@type":"WebSite","@id":"https:\/\/www.artizsoler.com\/fr\/#website","url":"https:\/\/www.artizsoler.com\/fr\/","name":"Artiz & Soler, Advocats","description":"Advocats","potentialAction":[{"@type":"SearchAction","target":{"@type":"EntryPoint","urlTemplate":"https:\/\/www.artizsoler.com\/fr\/?s={search_term_string}"},"query-input":{"@type":"PropertyValueSpecification","valueRequired":true,"valueName":"search_term_string"}}],"inLanguage":"fr-FR"}]}},"_links":{"self":[{"href":"https:\/\/www.artizsoler.com\/fr\/wp-json\/wp\/v2\/pages\/432","targetHints":{"allow":["GET"]}}],"collection":[{"href":"https:\/\/www.artizsoler.com\/fr\/wp-json\/wp\/v2\/pages"}],"about":[{"href":"https:\/\/www.artizsoler.com\/fr\/wp-json\/wp\/v2\/types\/page"}],"author":[{"embeddable":true,"href":"https:\/\/www.artizsoler.com\/fr\/wp-json\/wp\/v2\/users\/1"}],"replies":[{"embeddable":true,"href":"https:\/\/www.artizsoler.com\/fr\/wp-json\/wp\/v2\/comments?post=432"}],"version-history":[{"count":0,"href":"https:\/\/www.artizsoler.com\/fr\/wp-json\/wp\/v2\/pages\/432\/revisions"}],"wp:attachment":[{"href":"https:\/\/www.artizsoler.com\/fr\/wp-json\/wp\/v2\/media?parent=432"}],"curies":[{"name":"wp","href":"https:\/\/api.w.org\/{rel}","templated":true}]}}